{"id":34,"date":"2018-02-03T00:15:19","date_gmt":"2018-02-02T23:15:19","guid":{"rendered":"http:\/\/www.talange-athletisme.fr\/?page_id=34"},"modified":"2019-07-26T19:06:43","modified_gmt":"2019-07-26T17:06:43","slug":"entrainements","status":"publish","type":"page","link":"https:\/\/www.talange-athletisme.fr\/?page_id=34","title":{"rendered":"Entrainements"},"content":{"rendered":"<hr \/>\n<p>Les entrainements des \u00e9veils, poussins et benjamins 1 ont lieu uniquement hors des vacances scolaires.<\/p>\n<p>Mardi :<\/p>\n<ul>\n<li>Benjamins \/ Minimes :\n<ul>\n<li>Horaire : 18h00 \u00e0 19h30<\/li>\n<li>Lieux : Stade Baquet \u00e0 Talange<\/li>\n<li>Coach : Jean-Luc RIHM<\/li>\n<\/ul>\n<\/li>\n<li>Cadets et plus :\n<ul>\n<li>Horaire : 18h00 \u00e0 20h00<\/li>\n<li>Lieux : Stade Baquet \u00e0 Talange ou Anneau \u00e0 Metz<\/li>\n<li>Coach : Fred LENARD<\/li>\n<\/ul>\n<\/li>\n<\/ul>\n<p>Jeudi :<\/p>\n<ul>\n<li>Benjamins \/ Minimes :\n<ul>\n<li>Horaire : 18h00 \u00e0 20h00<\/li>\n<li>Lieux : Stade Baquet \u00e0 Talange<\/li>\n<li>Coach : Dominique COGLIANDRO<\/li>\n<\/ul>\n<\/li>\n<li>Cadets et plus :\n<ul>\n<li>Horaire : 18h00 \u00e0 19h30<\/li>\n<li>Lieux : Stade Baquet \u00e0 Talange ou Anneau \u00e0 Metz<\/li>\n<li>Coach : Fred LENARD<\/li>\n<\/ul>\n<\/li>\n<\/ul>\n<p>Vendredi :<\/p>\n<ul>\n<li>Groupe Loisir :\n<ul>\n<li>Horaire : 18h15 \u00e0 20h00<\/li>\n<li>Lieux : Stade Baquet \u00e0 Talange<\/li>\n<\/ul>\n<\/li>\n<\/ul>\n<p>Samedi :<\/p>\n<ul>\n<li>Cadets et plus :\n<ul>\n<li>Horaire : 10h00 \u00e0 12h00<\/li>\n<li>Lieux : Stade Baquet \u00e0 Talange ou Anneau \u00e0 Metz<\/li>\n<li>Coach : Fred LENARD<\/li>\n<\/ul>\n<\/li>\n<li>Babys Athle\n<ul>\n<li>Horaire : 14h00 \u00e0 15h00<\/li>\n<li>Lieux : Salle Gabriel Piern\u00e9 \u00e0 Talange (Stade Baquet)<\/li>\n<li>Coach : Julie GRACZYK<\/li>\n<\/ul>\n<\/li>\n<li>\u00c9veil Athl\u00e9tique \u00e0 Poussins :\n<ul>\n<li>Horaire : 14h00 \u00e0 15h30<\/li>\n<li>Lieux : Stade ou Gymnase Baquet \u00e0 Talange<\/li>\n<li>Coachs : Alice MERLO, Cl\u00e9ment ETTINGER, Jean-Marc et Nicolas CAVALLIN<\/li>\n<\/ul>\n<\/li>\n<li>Benjamins \/ Minimes :\n<ul>\n<li>Horaire : 14h00 \u00e0 15h30<\/li>\n<li>Lieux : Stade ou Gymnase Baquet \u00e0 Talange<\/li>\n<li>Coach : Dominique COGLIANDRO<\/li>\n<\/ul>\n<\/li>\n<\/ul>\n","protected":false},"excerpt":{"rendered":"<p>Les entrainements des \u00e9veils, poussins et benjamins 1 ont lieu uniquement hors des vacances scolaires. Mardi : Benjamins \/ Minimes<\/p>\n","protected":false},"author":1,"featured_media":0,"parent":0,"menu_order":0,"comment_status":"closed","ping_status":"closed","template":"","meta":{"footnotes":""},"yoast_head":"<!-- This site is optimized with the Yoast SEO plugin v15.5 - https:\/\/yoast.com\/wordpress\/plugins\/seo\/ -->\n<title>Entrainements - Talange Athl\u00e9tisme<\/title>\n<meta name=\"description\" content=\"Talange Athl\u00e9tisme - Entrainements - Horaires et jours des entrainements\" \/>\n<meta name=\"robots\" content=\"index, follow, max-snippet:-1, max-image-preview:large, max-video-preview:-1\" \/>\n<link rel=\"canonical\" href=\"https:\/\/www.talange-athletisme.fr\/?page_id=34\" \/>\n<meta property=\"og:locale\" content=\"fr_FR\" \/>\n<meta property=\"og:type\" content=\"article\" \/>\n<meta property=\"og:title\" content=\"Entrainements - Talange Athl\u00e9tisme\" \/>\n<meta property=\"og:description\" content=\"Talange Athl\u00e9tisme - Entrainements - Horaires et jours des entrainements\" \/>\n<meta property=\"og:url\" content=\"https:\/\/www.talange-athletisme.fr\/?page_id=34\" \/>\n<meta property=\"og:site_name\" content=\"Talange Athl\u00e9tisme\" \/>\n<meta property=\"article:modified_time\" content=\"2019-07-26T17:06:43+00:00\" \/>\n<meta name=\"twitter:card\" content=\"summary_large_image\" \/>\n<meta name=\"twitter:label1\" content=\"Dur\u00e9e de lecture est.\">\n\t<meta name=\"twitter:data1\" content=\"1 minute\">\n<script type=\"application\/ld+json\" class=\"yoast-schema-graph\">{\"@context\":\"https:\/\/schema.org\",\"@graph\":[{\"@type\":\"WebSite\",\"@id\":\"https:\/\/www.talange-athletisme.fr\/#website\",\"url\":\"https:\/\/www.talange-athletisme.fr\/\",\"name\":\"Talange Athl\\u00e9tisme\",\"description\":\"\",\"potentialAction\":[{\"@type\":\"SearchAction\",\"target\":\"https:\/\/www.talange-athletisme.fr\/?s={search_term_string}\",\"query-input\":\"required name=search_term_string\"}],\"inLanguage\":\"fr-FR\"},{\"@type\":\"WebPage\",\"@id\":\"https:\/\/www.talange-athletisme.fr\/?page_id=34#webpage\",\"url\":\"https:\/\/www.talange-athletisme.fr\/?page_id=34\",\"name\":\"Entrainements - Talange Athl\\u00e9tisme\",\"isPartOf\":{\"@id\":\"https:\/\/www.talange-athletisme.fr\/#website\"},\"datePublished\":\"2018-02-02T23:15:19+00:00\",\"dateModified\":\"2019-07-26T17:06:43+00:00\",\"description\":\"Talange Athl\\u00e9tisme - Entrainements - Horaires et jours des entrainements\",\"inLanguage\":\"fr-FR\",\"potentialAction\":[{\"@type\":\"ReadAction\",\"target\":[\"https:\/\/www.talange-athletisme.fr\/?page_id=34\"]}]}]}<\/script>\n<!-- \/ Yoast SEO plugin. -->","_links":{"self":[{"href":"https:\/\/www.talange-athletisme.fr\/index.php?rest_route=\/wp\/v2\/pages\/34"}],"collection":[{"href":"https:\/\/www.talange-athletisme.fr\/index.php?rest_route=\/wp\/v2\/pages"}],"about":[{"href":"https:\/\/www.talange-athletisme.fr\/index.php?rest_route=\/wp\/v2\/types\/page"}],"author":[{"embeddable":true,"href":"https:\/\/www.talange-athletisme.fr\/index.php?rest_route=\/wp\/v2\/users\/1"}],"replies":[{"embeddable":true,"href":"https:\/\/www.talange-athletisme.fr\/index.php?rest_route=%2Fwp%2Fv2%2Fcomments&post=34"}],"version-history":[{"count":7,"href":"https:\/\/www.talange-athletisme.fr\/index.php?rest_route=\/wp\/v2\/pages\/34\/revisions"}],"predecessor-version":[{"id":373,"href":"https:\/\/www.talange-athletisme.fr\/index.php?rest_route=\/wp\/v2\/pages\/34\/revisions\/373"}],"wp:attachment":[{"href":"https:\/\/www.talange-athletisme.fr\/index.php?rest_route=%2Fwp%2Fv2%2Fmedia&parent=34"}],"curies":[{"name":"wp","href":"https:\/\/api.w.org\/{rel}","templated":true}]}}